{"id":5659,"date":"2020-05-08T11:08:45","date_gmt":"2020-05-08T09:08:45","guid":{"rendered":"https:\/\/www.tecram.ch\/gerbeurs-electriques-pramac-lifter-gx-12\/"},"modified":"2020-06-12T18:02:34","modified_gmt":"2020-06-12T16:02:34","slug":"deichselstapler-pramac-lifter-gx-12","status":"publish","type":"page","link":"https:\/\/www.tecram.ch\/de\/home\/hubwagen-deichselstapler-hebelifte\/deichselstapler\/deichselstapler-pramac-lifter-gx-12\/","title":{"rendered":"Deichselstapler Pramac Lifter GX 12"},"content":{"rendered":"\n\t<h1>Deichselstapler Pramac Lifter GX 12<\/h1>\n\t\t\t\t<img loading=\"lazy\" decoding=\"async\" src=\"https:\/\/www.tecram.ch\/wp-content\/uploads\/logo-pramac.jpg\" alt=\"Pramac\" itemprop=\"image\" height=\"150\" width=\"195\" title=\"logo-pramac\" onerror=\"this.style.display='none'\"  \/>\n\t\t\t<a href=\"https:\/\/www.tecram.ch\/wp-content\/uploads\/deichselstapler-pramac-lifter-gx-12.pdf\" target=\"_blank\" role=\"button\" rel=\"noopener noreferrer\">\n\t\t\t\t\t\t\tPDF Datenblatt\n\t\t\t<\/a>\n\t\t\t<a href=\"#form\" target=\"_self\" role=\"button\" rel=\"noopener noreferrer\">\n\t\t\t\t\t\t\tFrage dazu\n\t\t\t<\/a>\n<div class=\"woocommerce\"><\/div>\n\t\t\t\t<a href=\"https:\/\/www.tecram.ch\/wp-content\/uploads\/gerbeurs-electriques-pramac-lifter-gx-12-01-1.jpg\" target=\"_self\" itemprop=\"url\" rel=\"noopener noreferrer lightbox-0\">\n\t\t\t\t<img loading=\"lazy\" decoding=\"async\" src=\"https:\/\/www.tecram.ch\/wp-content\/uploads\/gerbeurs-electriques-pramac-lifter-gx-12-01-1.jpg\" alt=\"Gerbeurs \u00e9lectriques Pramac Lifter GX 12\" itemprop=\"image\" height=\"600\" width=\"400\" title=\"gerbeurs-electriques-pramac-lifter-gx-12-01\" onerror=\"this.style.display='none'\"  \/>\n\t\t\t\t<\/a>\n\t\t\t\t<a href=\"https:\/\/www.tecram.ch\/wp-content\/uploads\/gerbeurs-electriques-pramac-lifter-gx-12-04.jpg\" target=\"_self\" itemprop=\"url\" rel=\"noopener noreferrer lightbox-1\">\n\t\t\t\t<img loading=\"lazy\" decoding=\"async\" src=\"https:\/\/www.tecram.ch\/wp-content\/uploads\/gerbeurs-electriques-pramac-lifter-gx-12-04.jpg\" alt=\"Gerbeurs \u00e9lectriques Pramac Lifter GX 12\" itemprop=\"image\" height=\"358\" width=\"600\" title=\"gerbeurs-electriques-pramac-lifter-gx-12-04\" onerror=\"this.style.display='none'\"  \/>\n\t\t\t\t<\/a>\n\t<p>Die neue GX Baureihe ist die ideale Deichselstapler L\u00f6sung f\u00fcr den gewerblichen Gelegenheitseinsatz auf kleineren bis mittleren Lagerfl\u00e4chen. Mit einer Gesamtbreite von nur 800 mm und der seitlich angeordneten Deichsel ist der neue GX \u00e4u\u00dferst wendig, standfest und erm\u00f6glicht immer freie Sicht zu den aufzunehmenden Lasten. Unsere GX Modelle stehen in Duplex Masth\u00f6hen von 2,5 Meter bis 3,5 Meter, auch als Vollfreihub, zur Verf\u00fcgung. Integrierte Batterien und das integrierte HF-Ladeger\u00e4t machen den GX zur kompletten L\u00f6sung Ihrer Lageraufgaben.<\/p>\n<strong>GX Basic<br \/>\n<\/strong>Die BASIC Modelle sind schone mit AGM Batterien ausgestattet. Die Bedienelemente sind vom robusten Stahlrohrdeichselkopf eingefasst. Damit ist der BASIC die preisg\u00fcnstigste Wahl.\n<strong>GX Evo<br \/>\n<\/strong>Die EVO Modelle mit ihren Semi-Traktionsbatterien bieten deutlich h\u00f6here Einsatzzeiten und erlauben w\u00e4hrend der Batterielebensdauer mehr als doppelt so viele Ladezyklen im Vergleich zu Starterbatterien. Die ergonomische<br \/>\nMultifunktionsdeichsel beinhaltet auch eine Soft-Ventilsteuerung (Heben\/ Senken) die das abrupte Anfahren des Hydraulikmotors vermeidet.\n<strong>GX Freelift<br \/>\n<\/strong>Das GX EVO Modell (GX EVO 12\/29 FL) ist auch mit Vollfreihub Hubger\u00fcst erh\u00e4ltlich. Bevor sich die konstruktive Bauh\u00f6he durch das Heben des Duplex Hubger\u00fcsts vergr\u00f6\u00dfert, fahren die Gabeln auf eine Hubh\u00f6he von 1.492 mm aus. Ein unsch\u00e4tzbarer Vorteil beim flexiblen Einsatz auch in niedrigen R\u00e4umen.\n\t\t\t\t<a href=\"https:\/\/www.tecram.ch\/wp-content\/uploads\/gerbeurs-electriques-pramac-lifter-gx-12-02-1.jpg\" target=\"_self\" itemprop=\"url\" rel=\"noopener noreferrer lightbox-2\">\n\t\t\t\t<img loading=\"lazy\" decoding=\"async\" src=\"https:\/\/www.tecram.ch\/wp-content\/uploads\/gerbeurs-electriques-pramac-lifter-gx-12-02-1.jpg\" alt=\"Gerbeurs \u00e9lectriques Pramac Lifter GX 12\" itemprop=\"image\" height=\"358\" width=\"443\" title=\"gerbeurs-electriques-pramac-lifter-gx-12-02\" onerror=\"this.style.display='none'\"  \/>\n\t\t\t\t<\/a>\n\t\t\t\t<a href=\"https:\/\/www.tecram.ch\/wp-content\/uploads\/gerbeurs-electriques-pramac-lifter-gx-12-03.jpg\" target=\"_self\" itemprop=\"url\" rel=\"noopener noreferrer lightbox-3\">\n\t\t\t\t<img loading=\"lazy\" decoding=\"async\" src=\"https:\/\/www.tecram.ch\/wp-content\/uploads\/gerbeurs-electriques-pramac-lifter-gx-12-03.jpg\" alt=\"Gerbeurs \u00e9lectriques Pramac Lifter GX 12\" itemprop=\"image\" height=\"358\" width=\"600\" title=\"gerbeurs-electriques-pramac-lifter-gx-12-03\" onerror=\"this.style.display='none'\"  \/>\n\t\t\t\t<\/a>\n\t<p><a name=\"form\"><\/a><\/p>\n<h2>Frage und\/oder Preisanfrage<\/h2>\n[iphorm id=&#8221;4&#8243; name=&#8221;Question DE&#8221;]\n\t<h3>Unsere aktuellen Aktionen<\/h3>\n\t\t\t\t<a href=\"https:\/\/www.tecram.ch\/de\/home\/leichte-und-kompakte-arbeitsbuehnen\/selbstfahrende-hebebuehnen\/elevah\/arbeitsbuehne-faraone-elevah-40-move\/\" target=\"_self\" itemprop=\"url\" rel=\"noopener noreferrer\">\n\t\t\t\t<img loading=\"lazy\" decoding=\"async\" src=\"https:\/\/www.tecram.ch\/wp-content\/uploads\/sommaire-micro-nacelle-faraone-elevah-40-move.jpg\" alt=\"Micro-nacelle Faraone ELEVAH 40 Move\" itemprop=\"image\" height=\"600\" width=\"600\" title=\"sommaire-micro-nacelle-faraone-elevah-40-move\" onerror=\"this.style.display='none'\"  \/>\n\t\t\t\t<\/a>\n\t<a href=\"https:\/\/www.tecram.ch\/de\/home\/leichte-und-kompakte-arbeitsbuehnen\/selbstfahrende-hebebuehnen\/elevah\/arbeitsbuehne-faraone-elevah-40-move\/\">Arbeitsb\u00fchne<br \/>\nFaraone ELEVAH 40 Move<\/a>\n\t\t\t\t<a href=\"https:\/\/www.tecram.ch\/de\/home\/leichte-und-kompakte-arbeitsbuehnen\/selbstfahrende-hebebuehnen\/elevah\/arbeitsbuehne-faraone-elevah-5-move-light\/\" target=\"_self\" itemprop=\"url\" rel=\"noopener noreferrer\">\n\t\t\t\t<img loading=\"lazy\" decoding=\"async\" src=\"https:\/\/www.tecram.ch\/wp-content\/uploads\/sommaire-micro-nacelle-faraone-elevah-5-move-light.jpg\" alt=\"Micro-nacelle Faraone ELEVAH 5 Move Light\" itemprop=\"image\" height=\"600\" width=\"600\" title=\"sommaire-micro-nacelle-faraone-elevah-5-move-light\" onerror=\"this.style.display='none'\"  \/>\n\t\t\t\t<\/a>\n\t<a href=\"https:\/\/www.tecram.ch\/de\/home\/leichte-und-kompakte-arbeitsbuehnen\/selbstfahrende-hebebuehnen\/elevah\/arbeitsbuehne-faraone-elevah-5-move-light\/\">Arbeitsb\u00fchne<br \/>\nFaraone ELEVAH 5 Move Light<\/a>\n\t\t\t\t<a href=\"https:\/\/www.tecram.ch\/de\/home\/leichte-und-kompakte-arbeitsbuehnen\/selbstfahrende-hebebuehnen\/elevah\/arbeitsbuehne-faraone-elevah-5-move-inox\/\" target=\"_self\" itemprop=\"url\" rel=\"noopener noreferrer\">\n\t\t\t\t<img loading=\"lazy\" decoding=\"async\" src=\"https:\/\/www.tecram.ch\/wp-content\/uploads\/sommaire-micro-nacelle-ultra-compacte-faraone-elevah-5-move-inox.jpg\" alt=\"Micro-nacelle ultra-compacte Faraone ELEVAH 5 Move INOX\" itemprop=\"image\" height=\"600\" width=\"600\" title=\"sommaire-micro-nacelle-ultra-compacte-faraone-elevah-5-move-inox\" onerror=\"this.style.display='none'\"  \/>\n\t\t\t\t<\/a>\n\t<a href=\"https:\/\/www.tecram.ch\/de\/home\/leichte-und-kompakte-arbeitsbuehnen\/selbstfahrende-hebebuehnen\/elevah\/arbeitsbuehne-faraone-elevah-5-move-inox\/\">Arbeitsb\u00fchne<br \/>\nFaraone ELEVAH 5 Move INOX<\/a>\n\t\t\t\t<a href=\"https:\/\/www.tecram.ch\/de\/home\/leichte-und-kompakte-arbeitsbuehnen\/selbstfahrende-hebebuehnen\/elevah\/arbeitsbuehne-faraone-elevah-65-tb-move\/\" target=\"_self\" itemprop=\"url\" rel=\"noopener noreferrer\">\n\t\t\t\t<img loading=\"lazy\" decoding=\"async\" src=\"https:\/\/www.tecram.ch\/wp-content\/uploads\/sommaire-micro-nacelle-faraone-elevah-65-tb-move.jpg\" alt=\"Micro-nacelle Faraone ELEVAH 65 TB Move\" itemprop=\"image\" height=\"600\" width=\"600\" title=\"sommaire-micro-nacelle-faraone-elevah-65-tb-move\" onerror=\"this.style.display='none'\"  \/>\n\t\t\t\t<\/a>\n\t<a href=\"https:\/\/www.tecram.ch\/de\/home\/leichte-und-kompakte-arbeitsbuehnen\/selbstfahrende-hebebuehnen\/elevah\/arbeitsbuehne-faraone-elevah-65-tb-move\/\">Arbeitsb\u00fchne<br \/>\nFaraone ELEVAH 65 TB Move<\/a>\n","protected":false},"excerpt":{"rendered":"<p>Deichselstapler Pramac Lifter GX 12 PDF Datenblatt Frage dazu Die neue GX Baureihe ist die ideale Deichselstapler L\u00f6sung f\u00fcr den gewerblichen Gelegenheitseinsatz auf kleineren bis mittleren Lagerfl\u00e4chen. Mit einer Gesamtbreite von nur 800 mm und der seitlich angeordneten Deichsel ist der neue GX \u00e4u\u00dferst wendig, standfest und erm\u00f6glicht immer freie Sicht zu den aufzunehmenden Lasten. &#8230; <a title=\"Deichselstapler Pramac Lifter GX 12\" class=\"read-more\" href=\"https:\/\/www.tecram.ch\/de\/home\/hubwagen-deichselstapler-hebelifte\/deichselstapler\/deichselstapler-pramac-lifter-gx-12\/\" aria-label=\"Read more about Deichselstapler Pramac Lifter GX 12\">Read more<\/a><\/p>\n","protected":false},"author":1,"featured_media":5545,"parent":5891,"menu_order":2,"comment_status":"closed","ping_status":"closed","template":"","meta":{"footnotes":""},"class_list":["post-5659","page","type-page","status-publish","has-post-thumbnail"],"aioseo_notices":[],"_links":{"self":[{"href":"https:\/\/www.tecram.ch\/de\/wp-json\/wp\/v2\/pages\/5659","targetHints":{"allow":["GET"]}}],"collection":[{"href":"https:\/\/www.tecram.ch\/de\/wp-json\/wp\/v2\/pages"}],"about":[{"href":"https:\/\/www.tecram.ch\/de\/wp-json\/wp\/v2\/types\/page"}],"author":[{"embeddable":true,"href":"https:\/\/www.tecram.ch\/de\/wp-json\/wp\/v2\/users\/1"}],"replies":[{"embeddable":true,"href":"https:\/\/www.tecram.ch\/de\/wp-json\/wp\/v2\/comments?post=5659"}],"version-history":[{"count":0,"href":"https:\/\/www.tecram.ch\/de\/wp-json\/wp\/v2\/pages\/5659\/revisions"}],"up":[{"embeddable":true,"href":"https:\/\/www.tecram.ch\/de\/wp-json\/wp\/v2\/pages\/5891"}],"wp:featuredmedia":[{"embeddable":true,"href":"https:\/\/www.tecram.ch\/de\/wp-json\/wp\/v2\/media\/5545"}],"wp:attachment":[{"href":"https:\/\/www.tecram.ch\/de\/wp-json\/wp\/v2\/media?parent=5659"}],"curies":[{"name":"wp","href":"https:\/\/api.w.org\/{rel}","templated":true}]}}